{"id":4885,"date":"2013-10-26T00:33:17","date_gmt":"2013-10-26T00:33:17","guid":{"rendered":"http:\/\/www.sansin.com\/product\/eco2-2\/"},"modified":"2022-01-19T17:51:26","modified_gmt":"2022-01-19T22:51:26","slug":"eco2","status":"publish","type":"product","link":"https:\/\/www.sansin.com\/fr\/produit\/eco2\/","title":{"rendered":"ECO2"},"content":{"rendered":"\n<h2 class=\"wp-block-heading\">Fini pour bois recycl\u00e9 \u00e9cologique.<\/h2>\n\n\n\n<p>Les formules Eco2 sont d\u00e9riv\u00e9es de produits \u00e9cologiques recycl\u00e9s de finition du bois ext\u00e9rieurs ou int\u00e9rieurs. Eco2 offre une protection robuste et efficace pour toutes vos surfaces ext\u00e9rieures en bois, avec des huiles et des r\u00e9sines sp\u00e9cialement formul\u00e9es qui p\u00e9n\u00e8trent dans le bois pour une protection exceptionnelle contre les intemp\u00e9ries et les rayons UV. Gr\u00e2ce \u00e0 sa formule unique recycl\u00e9e et \u00e0 sa technologie \u00e0 base d\u2019eau, Eco2 offre une protection compl\u00e8te en une seule couche, bien qu\u2019une deuxi\u00e8me couche fournisse un fini encore plus beau et plus riche.<\/p>\n\n\n\n<p>Eco2 prot\u00e8ge non seulement l\u2019ext\u00e9rieur de votre bois, mais il en prot\u00e8ge \u00e9galement l\u2019int\u00e9rieur en permettant au bois de \u00ab respirer \u00bb, ce qui \u00e9vite que l\u2019humidit\u00e9 ne soit pi\u00e9g\u00e9e dans le bois et ne cause la pourriture. Les formules sont sp\u00e9cialement con\u00e7ues pour prot\u00e9ger et embellir les surfaces de bois int\u00e9rieures et ext\u00e9rieures, telles que les rev\u00eatements ext\u00e9rieurs, les terrasses, les plafonds, les poutres et les menuiseries.<\/p>\n\n\n\n<p>Disponible en quatre belles couleurs.<\/p>\n","protected":false},"excerpt":{"rendered":"<p>Eco2 de Sansin : fini de bois recycl\u00e9 \u00e9cologique.<\/p>\n","protected":false},"featured_media":11687,"template":"","meta":[],"product_brand":[],"product_cat":[85],"product_tag":[],"class_list":{"0":"post-4885","1":"product","2":"type-product","3":"status-publish","4":"has-post-thumbnail","6":"product_cat-produits-fr","7":"","8":"woocommerce-text-align-center","9":"woocommerce-image-align-center","11":"first","12":"instock","13":"shipping-taxable","14":"product-type-simple"},"aioseo_notices":[],"_links":{"self":[{"href":"https:\/\/www.sansin.com\/fr\/wp-json\/wp\/v2\/product\/4885","targetHints":{"allow":["GET"]}}],"collection":[{"href":"https:\/\/www.sansin.com\/fr\/wp-json\/wp\/v2\/product"}],"about":[{"href":"https:\/\/www.sansin.com\/fr\/wp-json\/wp\/v2\/types\/product"}],"wp:featuredmedia":[{"embeddable":true,"href":"https:\/\/www.sansin.com\/fr\/wp-json\/wp\/v2\/media\/11687"}],"wp:attachment":[{"href":"https:\/\/www.sansin.com\/fr\/wp-json\/wp\/v2\/media?parent=4885"}],"wp:term":[{"taxonomy":"product_brand","embeddable":true,"href":"https:\/\/www.sansin.com\/fr\/wp-json\/wp\/v2\/product_brand?post=4885"},{"taxonomy":"product_cat","embeddable":true,"href":"https:\/\/www.sansin.com\/fr\/wp-json\/wp\/v2\/product_cat?post=4885"},{"taxonomy":"product_tag","embeddable":true,"href":"https:\/\/www.sansin.com\/fr\/wp-json\/wp\/v2\/product_tag?post=4885"}],"curies":[{"name":"wp","href":"https:\/\/api.w.org\/{rel}","templated":true}]}}